{"id":17,"date":"2023-02-02T10:47:56","date_gmt":"2023-02-02T09:47:56","guid":{"rendered":"https:\/\/tedxfribourg.com\/?page_id=17"},"modified":"2024-03-11T09:05:16","modified_gmt":"2024-03-11T08:05:16","slug":"speakers","status":"publish","type":"page","link":"https:\/\/tedxfribourg.com\/de\/speakers\/","title":{"rendered":"Speakers &amp; performers"},"content":{"rendered":"<div data-elementor-type=\"wp-page\" data-elementor-id=\"17\" class=\"elementor elementor-17\" data-elementor-post-type=\"page\">\n\t\t\t\t\t\t<section class=\"elementor-section elementor-top-section elementor-element elementor-element-68c289c elementor-section-boxed elementor-section-height-default elementor-section-height-default\" data-id=\"68c289c\" data-element_type=\"section\">\n\t\t\t\t\t\t<div class=\"elementor-container elementor-column-gap-default\">\n\t\t\t\t\t<div class=\"elementor-column elementor-col-100 elementor-top-column elementor-element elementor-element-79876d7\" data-id=\"79876d7\" data-element_type=\"column\">\n\t\t\t<div class=\"elementor-widget-wrap elementor-element-populated\">\n\t\t\t\t\t\t<div class=\"elementor-element elementor-element-6eeae3f elementor-widget elementor-widget-heading\" data-id=\"6eeae3f\" data-element_type=\"widget\" data-widget_type=\"heading.default\">\n\t\t\t\t<div class=\"elementor-widget-container\">\n\t\t\t<style>\/*! elementor - v3.19.0 - 28-02-2024 *\/\n.elementor-heading-title{padding:0;margin:0;line-height:1}.elementor-widget-heading .elementor-heading-title[class*=elementor-size-]>a{color:inherit;font-size:inherit;line-height:inherit}.elementor-widget-heading .elementor-heading-title.elementor-size-small{font-size:15px}.elementor-widget-heading .elementor-heading-title.elementor-size-medium{font-size:19px}.elementor-widget-heading .elementor-heading-title.elementor-size-large{font-size:29px}.elementor-widget-heading .elementor-heading-title.elementor-size-xl{font-size:39px}.elementor-widget-heading .elementor-heading-title.elementor-size-xxl{font-size:59px}<\/style><h1 class=\"elementor-heading-title elementor-size-default\">Speakers & performers<\/h1>\t\t<\/div>\n\t\t\t\t<\/div>\n\t\t\t\t\t<\/div>\n\t\t<\/div>\n\t\t\t\t\t<\/div>\n\t\t<\/section>\n\t\t\t\t<section class=\"elementor-section elementor-top-section elementor-element elementor-element-c9cde18 elementor-section-boxed elementor-section-height-default elementor-section-height-default\" data-id=\"c9cde18\" data-element_type=\"section\">\n\t\t\t\t\t\t<div class=\"elementor-container elementor-column-gap-default\">\n\t\t\t\t\t<div class=\"elementor-column elementor-col-100 elementor-top-column elementor-element elementor-element-b43715f\" data-id=\"b43715f\" data-element_type=\"column\">\n\t\t\t<div class=\"elementor-widget-wrap elementor-element-populated\">\n\t\t\t\t\t\t<div class=\"elementor-element elementor-element-e98f105 elementor-widget elementor-widget-text-editor\" data-id=\"e98f105\" data-element_type=\"widget\" data-widget_type=\"text-editor.default\">\n\t\t\t\t<div class=\"elementor-widget-container\">\n\t\t\t<style>\/*! elementor - v3.19.0 - 28-02-2024 *\/\n.elementor-widget-text-editor.elementor-drop-cap-view-stacked .elementor-drop-cap{background-color:#69727d;color:#fff}.elementor-widget-text-editor.elementor-drop-cap-view-framed .elementor-drop-cap{color:#69727d;border:3px solid;background-color:transparent}.elementor-widget-text-editor:not(.elementor-drop-cap-view-default) .elementor-drop-cap{margin-top:8px}.elementor-widget-text-editor:not(.elementor-drop-cap-view-default) .elementor-drop-cap-letter{width:1em;height:1em}.elementor-widget-text-editor .elementor-drop-cap{float:left;text-align:center;line-height:1;font-size:50px}.elementor-widget-text-editor .elementor-drop-cap-letter{display:inline-block}<\/style>\t\t\t\t<p>Die Speaker\u00a0werden in der Sprache ihres Talks vorgestellt.\u00a0<\/p>\t\t\t\t\t\t<\/div>\n\t\t\t\t<\/div>\n\t\t\t\t\t<\/div>\n\t\t<\/div>\n\t\t\t\t\t<\/div>\n\t\t<\/section>\n\t\t\t\t<section class=\"elementor-section elementor-top-section elementor-element elementor-element-d6044af elementor-section-boxed elementor-section-height-default elementor-section-height-default\" data-id=\"d6044af\" data-element_type=\"section\">\n\t\t\t\t\t\t<div class=\"elementor-container elementor-column-gap-wider\">\n\t\t\t\t\t<div class=\"make-column-clickable-elementor elementor-column elementor-col-33 elementor-top-column elementor-element elementor-element-5932537\" style=\"cursor: pointer;\" data-column-clickable=\"\/dr-anja-h-forster\/\" data-column-clickable-blank=\"_self\" data-id=\"5932537\" data-element_type=\"column\">\n\t\t\t<div class=\"elementor-widget-wrap elementor-element-populated\">\n\t\t\t\t\t\t<div class=\"elementor-element elementor-element-a09a7b9 elementor-widget elementor-widget-image\" data-id=\"a09a7b9\" data-element_type=\"widget\" data-widget_type=\"image.default\">\n\t\t\t\t<div class=\"elementor-widget-container\">\n\t\t\t<style>\/*! elementor - v3.19.0 - 28-02-2024 *\/\n.elementor-widget-image{text-align:center}.elementor-widget-image a{display:inline-block}.elementor-widget-image a img[src$=\".svg\"]{width:48px}.elementor-widget-image img{vertical-align:middle;display:inline-block}<\/style>\t\t\t\t\t\t\t\t\t\t<img fetchpriority=\"high\" decoding=\"async\" width=\"800\" height=\"800\" src=\"https:\/\/tedxfribourg.com\/wp-content\/uploads\/2024\/02\/2024-02-12_TEDxFribourg-2024_Site_Speakers_Anja-Forster_V1.png\" class=\"attachment-large size-large wp-image-970\" alt=\"\" srcset=\"https:\/\/tedxfribourg.com\/wp-content\/uploads\/2024\/02\/2024-02-12_TEDxFribourg-2024_Site_Speakers_Anja-Forster_V1.png 1024w, https:\/\/tedxfribourg.com\/wp-content\/uploads\/2024\/02\/2024-02-12_TEDxFribourg-2024_Site_Speakers_Anja-Forster_V1-300x300.png 300w, https:\/\/tedxfribourg.com\/wp-content\/uploads\/2024\/02\/2024-02-12_TEDxFribourg-2024_Site_Speakers_Anja-Forster_V1-150x150.png 150w, https:\/\/tedxfribourg.com\/wp-content\/uploads\/2024\/02\/2024-02-12_TEDxFribourg-2024_Site_Speakers_Anja-Forster_V1-768x768.png 768w, https:\/\/tedxfribourg.com\/wp-content\/uploads\/2024\/02\/2024-02-12_TEDxFribourg-2024_Site_Speakers_Anja-Forster_V1-12x12.png 12w\" sizes=\"(max-width: 800px) 100vw, 800px\" \/>\t\t\t\t\t\t\t\t\t\t\t\t\t<\/div>\n\t\t\t\t<\/div>\n\t\t\t\t<div class=\"elementor-element elementor-element-142d804 elementor-widget elementor-widget-heading\" data-id=\"142d804\" data-element_type=\"widget\" data-widget_type=\"heading.default\">\n\t\t\t\t<div class=\"elementor-widget-container\">\n\t\t\t<h2 class=\"elementor-heading-title elementor-size-default\"><a href=\"https:\/\/tedxfribourg.com\/de\/speakers\/dr-anja-h-forster\/\">Anja H. <br\/>\nF\u00f6rster<\/a><\/h2>\t\t<\/div>\n\t\t\t\t<\/div>\n\t\t\t\t<div class=\"elementor-element elementor-element-0f63a3d elementor-widget elementor-widget-text-editor\" data-id=\"0f63a3d\" data-element_type=\"widget\" data-widget_type=\"text-editor.default\">\n\t\t\t\t<div class=\"elementor-widget-container\">\n\t\t\t\t\t\t\t<p>Kollateralschaden: Familie.<br><\/p>\t\t\t\t\t\t<\/div>\n\t\t\t\t<\/div>\n\t\t\t\t\t<\/div>\n\t\t<\/div>\n\t\t\t\t<div class=\"make-column-clickable-elementor elementor-column elementor-col-33 elementor-top-column elementor-element elementor-element-9569a9d\" style=\"cursor: pointer;\" data-column-clickable=\"https:\/\/tedxfribourg.com\/speakers\/filipe-dos-santos\/\" data-column-clickable-blank=\"_self\" data-id=\"9569a9d\" data-element_type=\"column\">\n\t\t\t<div class=\"elementor-widget-wrap elementor-element-populated\">\n\t\t\t\t\t\t<div class=\"elementor-element elementor-element-7ca7d2c elementor-widget elementor-widget-image\" data-id=\"7ca7d2c\" data-element_type=\"widget\" data-widget_type=\"image.default\">\n\t\t\t\t<div class=\"elementor-widget-container\">\n\t\t\t\t\t\t\t\t\t\t\t\t\t<img decoding=\"async\" width=\"800\" height=\"800\" src=\"https:\/\/tedxfribourg.com\/wp-content\/uploads\/2024\/02\/2024-02-12_TEDxFribourg-2024_Site_Speakers_Filipe-Dos-Santos_V1.png\" class=\"attachment-large size-large wp-image-966\" alt=\"\" srcset=\"https:\/\/tedxfribourg.com\/wp-content\/uploads\/2024\/02\/2024-02-12_TEDxFribourg-2024_Site_Speakers_Filipe-Dos-Santos_V1.png 1024w, https:\/\/tedxfribourg.com\/wp-content\/uploads\/2024\/02\/2024-02-12_TEDxFribourg-2024_Site_Speakers_Filipe-Dos-Santos_V1-300x300.png 300w, https:\/\/tedxfribourg.com\/wp-content\/uploads\/2024\/02\/2024-02-12_TEDxFribourg-2024_Site_Speakers_Filipe-Dos-Santos_V1-150x150.png 150w, https:\/\/tedxfribourg.com\/wp-content\/uploads\/2024\/02\/2024-02-12_TEDxFribourg-2024_Site_Speakers_Filipe-Dos-Santos_V1-768x768.png 768w, https:\/\/tedxfribourg.com\/wp-content\/uploads\/2024\/02\/2024-02-12_TEDxFribourg-2024_Site_Speakers_Filipe-Dos-Santos_V1-12x12.png 12w\" sizes=\"(max-width: 800px) 100vw, 800px\" \/>\t\t\t\t\t\t\t\t\t\t\t\t\t<\/div>\n\t\t\t\t<\/div>\n\t\t\t\t<div class=\"elementor-element elementor-element-4a40734 elementor-widget elementor-widget-heading\" data-id=\"4a40734\" data-element_type=\"widget\" data-widget_type=\"heading.default\">\n\t\t\t\t<div class=\"elementor-widget-container\">\n\t\t\t<h2 class=\"elementor-heading-title elementor-size-default\"><a href=\"https:\/\/tedxfribourg.com\/de\/speakers\/filipe-dos-santos\/\">Filipe<br\/> Dos Santos<\/a><\/h2>\t\t<\/div>\n\t\t\t\t<\/div>\n\t\t\t\t<div class=\"elementor-element elementor-element-f1732f8 elementor-widget elementor-widget-text-editor\" data-id=\"f1732f8\" data-element_type=\"widget\" data-widget_type=\"text-editor.default\">\n\t\t\t\t<div class=\"elementor-widget-container\">\n\t\t\t\t\t\t\t<p>Une affaire de famille et parfois bien plus.<\/p>\t\t\t\t\t\t<\/div>\n\t\t\t\t<\/div>\n\t\t\t\t\t<\/div>\n\t\t<\/div>\n\t\t\t\t<div class=\"make-column-clickable-elementor elementor-column elementor-col-33 elementor-top-column elementor-element elementor-element-bd81eba\" style=\"cursor: pointer;\" data-column-clickable=\"https:\/\/tedxfribourg.com\/speakers\/caroline-caille\/\" data-column-clickable-blank=\"_self\" data-id=\"bd81eba\" data-element_type=\"column\">\n\t\t\t<div class=\"elementor-widget-wrap elementor-element-populated\">\n\t\t\t\t\t\t<div class=\"elementor-element elementor-element-d87af94 elementor-widget elementor-widget-image\" data-id=\"d87af94\" data-element_type=\"widget\" data-widget_type=\"image.default\">\n\t\t\t\t<div class=\"elementor-widget-container\">\n\t\t\t\t\t\t\t\t\t\t\t\t\t<img decoding=\"async\" width=\"800\" height=\"800\" src=\"https:\/\/tedxfribourg.com\/wp-content\/uploads\/2024\/02\/2024-02-12_TEDxFribourg-2024_Site_Speakers_Caroline-Caille_V1.png\" class=\"attachment-large size-large wp-image-968\" alt=\"\" srcset=\"https:\/\/tedxfribourg.com\/wp-content\/uploads\/2024\/02\/2024-02-12_TEDxFribourg-2024_Site_Speakers_Caroline-Caille_V1.png 1024w, https:\/\/tedxfribourg.com\/wp-content\/uploads\/2024\/02\/2024-02-12_TEDxFribourg-2024_Site_Speakers_Caroline-Caille_V1-300x300.png 300w, https:\/\/tedxfribourg.com\/wp-content\/uploads\/2024\/02\/2024-02-12_TEDxFribourg-2024_Site_Speakers_Caroline-Caille_V1-150x150.png 150w, https:\/\/tedxfribourg.com\/wp-content\/uploads\/2024\/02\/2024-02-12_TEDxFribourg-2024_Site_Speakers_Caroline-Caille_V1-768x768.png 768w, https:\/\/tedxfribourg.com\/wp-content\/uploads\/2024\/02\/2024-02-12_TEDxFribourg-2024_Site_Speakers_Caroline-Caille_V1-12x12.png 12w\" sizes=\"(max-width: 800px) 100vw, 800px\" \/>\t\t\t\t\t\t\t\t\t\t\t\t\t<\/div>\n\t\t\t\t<\/div>\n\t\t\t\t<div class=\"elementor-element elementor-element-49bc425 elementor-widget elementor-widget-heading\" data-id=\"49bc425\" data-element_type=\"widget\" data-widget_type=\"heading.default\">\n\t\t\t\t<div class=\"elementor-widget-container\">\n\t\t\t<h2 class=\"elementor-heading-title elementor-size-default\"><a href=\"https:\/\/tedxfribourg.com\/de\/speakers\/caroline-caille\/\">Caroline<br\/> Caille<\/a><\/h2>\t\t<\/div>\n\t\t\t\t<\/div>\n\t\t\t\t<div class=\"elementor-element elementor-element-f42a24c elementor-widget elementor-widget-text-editor\" data-id=\"f42a24c\" data-element_type=\"widget\" data-widget_type=\"text-editor.default\">\n\t\t\t\t<div class=\"elementor-widget-container\">\n\t\t\t\t\t\t\t<p>G18P13<\/p>\t\t\t\t\t\t<\/div>\n\t\t\t\t<\/div>\n\t\t\t\t\t<\/div>\n\t\t<\/div>\n\t\t\t\t\t<\/div>\n\t\t<\/section>\n\t\t\t\t<section class=\"elementor-section elementor-top-section elementor-element elementor-element-8f0fca9 elementor-section-boxed elementor-section-height-default elementor-section-height-default\" data-id=\"8f0fca9\" data-element_type=\"section\">\n\t\t\t\t\t\t<div class=\"elementor-container elementor-column-gap-wider\">\n\t\t\t\t\t<div class=\"make-column-clickable-elementor elementor-column elementor-col-33 elementor-top-column elementor-element elementor-element-0ec516e\" style=\"cursor: pointer;\" data-column-clickable=\"https:\/\/tedxfribourg.com\/speakers\/annamaria-colombo\/\" data-column-clickable-blank=\"_self\" data-id=\"0ec516e\" data-element_type=\"column\">\n\t\t\t<div class=\"elementor-widget-wrap elementor-element-populated\">\n\t\t\t\t\t\t<div class=\"elementor-element elementor-element-ad3b6a5 elementor-widget elementor-widget-image\" data-id=\"ad3b6a5\" data-element_type=\"widget\" data-widget_type=\"image.default\">\n\t\t\t\t<div class=\"elementor-widget-container\">\n\t\t\t\t\t\t\t\t\t\t\t\t\t<img loading=\"lazy\" decoding=\"async\" width=\"800\" height=\"800\" src=\"https:\/\/tedxfribourg.com\/wp-content\/uploads\/2024\/02\/2024-02-12_TEDxFribourg-2024_Site_Speakers_Annamaria-Colombo_V1.png\" class=\"attachment-large size-large wp-image-969\" alt=\"Cr\u00e9dit image: STEMUTZ.COM\" srcset=\"https:\/\/tedxfribourg.com\/wp-content\/uploads\/2024\/02\/2024-02-12_TEDxFribourg-2024_Site_Speakers_Annamaria-Colombo_V1.png 1024w, https:\/\/tedxfribourg.com\/wp-content\/uploads\/2024\/02\/2024-02-12_TEDxFribourg-2024_Site_Speakers_Annamaria-Colombo_V1-300x300.png 300w, https:\/\/tedxfribourg.com\/wp-content\/uploads\/2024\/02\/2024-02-12_TEDxFribourg-2024_Site_Speakers_Annamaria-Colombo_V1-150x150.png 150w, https:\/\/tedxfribourg.com\/wp-content\/uploads\/2024\/02\/2024-02-12_TEDxFribourg-2024_Site_Speakers_Annamaria-Colombo_V1-768x768.png 768w, https:\/\/tedxfribourg.com\/wp-content\/uploads\/2024\/02\/2024-02-12_TEDxFribourg-2024_Site_Speakers_Annamaria-Colombo_V1-12x12.png 12w\" sizes=\"(max-width: 800px) 100vw, 800px\" \/>\t\t\t\t\t\t\t\t\t\t\t\t\t<\/div>\n\t\t\t\t<\/div>\n\t\t\t\t<div class=\"elementor-element elementor-element-afe2c41 elementor-widget elementor-widget-heading\" data-id=\"afe2c41\" data-element_type=\"widget\" data-widget_type=\"heading.default\">\n\t\t\t\t<div class=\"elementor-widget-container\">\n\t\t\t<h2 class=\"elementor-heading-title elementor-size-default\"><a href=\"https:\/\/tedxfribourg.com\/de\/speakers\/annamaria-colombo\/\">Annamaria<br\/> Colombo<\/a><\/h2>\t\t<\/div>\n\t\t\t\t<\/div>\n\t\t\t\t<div class=\"elementor-element elementor-element-c3e1a98 elementor-widget elementor-widget-text-editor\" data-id=\"c3e1a98\" data-element_type=\"widget\" data-widget_type=\"text-editor.default\">\n\t\t\t\t<div class=\"elementor-widget-container\">\n\t\t\t\t\t\t\t<p>\u00catre papa solo, c&rsquo;est extraordinaire, mais c&rsquo;est \u00ab\u00a0comme si c&rsquo;\u00e9tait pas la norme\u00a0\u00bb.<\/p>\t\t\t\t\t\t<\/div>\n\t\t\t\t<\/div>\n\t\t\t\t\t<\/div>\n\t\t<\/div>\n\t\t\t\t<div class=\"make-column-clickable-elementor elementor-column elementor-col-33 elementor-top-column elementor-element elementor-element-c29310f\" style=\"cursor: pointer;\" data-column-clickable=\"https:\/\/tedxfribourg.com\/speakers\/maria-augusta-balla\/\" data-column-clickable-blank=\"_self\" data-id=\"c29310f\" data-element_type=\"column\">\n\t\t\t<div class=\"elementor-widget-wrap elementor-element-populated\">\n\t\t\t\t\t\t<div class=\"elementor-element elementor-element-7324a48 elementor-widget elementor-widget-image\" data-id=\"7324a48\" data-element_type=\"widget\" data-widget_type=\"image.default\">\n\t\t\t\t<div class=\"elementor-widget-container\">\n\t\t\t\t\t\t\t\t\t\t\t\t\t<img loading=\"lazy\" decoding=\"async\" width=\"800\" height=\"800\" src=\"https:\/\/tedxfribourg.com\/wp-content\/uploads\/2024\/02\/2024-02-12_TEDxFribourg-2024_Site_Speakers_Maria-Augusta-Balla_V1.png\" class=\"attachment-large size-large wp-image-965\" alt=\"\" srcset=\"https:\/\/tedxfribourg.com\/wp-content\/uploads\/2024\/02\/2024-02-12_TEDxFribourg-2024_Site_Speakers_Maria-Augusta-Balla_V1.png 1024w, https:\/\/tedxfribourg.com\/wp-content\/uploads\/2024\/02\/2024-02-12_TEDxFribourg-2024_Site_Speakers_Maria-Augusta-Balla_V1-300x300.png 300w, https:\/\/tedxfribourg.com\/wp-content\/uploads\/2024\/02\/2024-02-12_TEDxFribourg-2024_Site_Speakers_Maria-Augusta-Balla_V1-150x150.png 150w, https:\/\/tedxfribourg.com\/wp-content\/uploads\/2024\/02\/2024-02-12_TEDxFribourg-2024_Site_Speakers_Maria-Augusta-Balla_V1-768x768.png 768w, https:\/\/tedxfribourg.com\/wp-content\/uploads\/2024\/02\/2024-02-12_TEDxFribourg-2024_Site_Speakers_Maria-Augusta-Balla_V1-12x12.png 12w\" sizes=\"(max-width: 800px) 100vw, 800px\" \/>\t\t\t\t\t\t\t\t\t\t\t\t\t<\/div>\n\t\t\t\t<\/div>\n\t\t\t\t<div class=\"elementor-element elementor-element-450db7e elementor-widget elementor-widget-heading\" data-id=\"450db7e\" data-element_type=\"widget\" data-widget_type=\"heading.default\">\n\t\t\t\t<div class=\"elementor-widget-container\">\n\t\t\t<h2 class=\"elementor-heading-title elementor-size-default\"><a href=\"https:\/\/tedxfribourg.com\/de\/speakers\/maria-augusta-balla\/\">Maria <br\/>Augusta Balla<\/a><\/h2>\t\t<\/div>\n\t\t\t\t<\/div>\n\t\t\t\t<div class=\"elementor-element elementor-element-ceb577f elementor-widget elementor-widget-text-editor\" data-id=\"ceb577f\" data-element_type=\"widget\" data-widget_type=\"text-editor.default\">\n\t\t\t\t<div class=\"elementor-widget-container\">\n\t\t\t\t\t\t\t<p>\u00ab&nbsp;Entre le ciel et la sc\u00e8ne&nbsp;\u00bb.<br>Ma famille pas ordinaire.<\/p>\t\t\t\t\t\t<\/div>\n\t\t\t\t<\/div>\n\t\t\t\t\t<\/div>\n\t\t<\/div>\n\t\t\t\t<div class=\"make-column-clickable-elementor elementor-column elementor-col-33 elementor-top-column elementor-element elementor-element-a4183cc\" style=\"cursor: pointer;\" data-column-clickable=\"https:\/\/tedxfribourg.com\/speakers\/claire-balleys\/\" data-column-clickable-blank=\"_self\" data-id=\"a4183cc\" data-element_type=\"column\">\n\t\t\t<div class=\"elementor-widget-wrap elementor-element-populated\">\n\t\t\t\t\t\t<div class=\"elementor-element elementor-element-17a6ed8 elementor-widget elementor-widget-image\" data-id=\"17a6ed8\" data-element_type=\"widget\" data-widget_type=\"image.default\">\n\t\t\t\t<div class=\"elementor-widget-container\">\n\t\t\t\t\t\t\t\t\t\t\t\t\t<img loading=\"lazy\" decoding=\"async\" width=\"800\" height=\"800\" src=\"https:\/\/tedxfribourg.com\/wp-content\/uploads\/2024\/02\/2024-02-12_TEDxFribourg-2024_Site_Speakers_Claire-Balleys_V1.png\" class=\"attachment-large size-large wp-image-967\" alt=\"\" srcset=\"https:\/\/tedxfribourg.com\/wp-content\/uploads\/2024\/02\/2024-02-12_TEDxFribourg-2024_Site_Speakers_Claire-Balleys_V1.png 1024w, https:\/\/tedxfribourg.com\/wp-content\/uploads\/2024\/02\/2024-02-12_TEDxFribourg-2024_Site_Speakers_Claire-Balleys_V1-300x300.png 300w, https:\/\/tedxfribourg.com\/wp-content\/uploads\/2024\/02\/2024-02-12_TEDxFribourg-2024_Site_Speakers_Claire-Balleys_V1-150x150.png 150w, https:\/\/tedxfribourg.com\/wp-content\/uploads\/2024\/02\/2024-02-12_TEDxFribourg-2024_Site_Speakers_Claire-Balleys_V1-768x768.png 768w, https:\/\/tedxfribourg.com\/wp-content\/uploads\/2024\/02\/2024-02-12_TEDxFribourg-2024_Site_Speakers_Claire-Balleys_V1-12x12.png 12w\" sizes=\"(max-width: 800px) 100vw, 800px\" \/>\t\t\t\t\t\t\t\t\t\t\t\t\t<\/div>\n\t\t\t\t<\/div>\n\t\t\t\t<div class=\"elementor-element elementor-element-eb5dd8b elementor-widget elementor-widget-heading\" data-id=\"eb5dd8b\" data-element_type=\"widget\" data-widget_type=\"heading.default\">\n\t\t\t\t<div class=\"elementor-widget-container\">\n\t\t\t<h2 class=\"elementor-heading-title elementor-size-default\"><a href=\"https:\/\/tedxfribourg.com\/de\/speakers\/claire-balleys\/\">Claire <br\/>Balleys<\/a><\/h2>\t\t<\/div>\n\t\t\t\t<\/div>\n\t\t\t\t<div class=\"elementor-element elementor-element-db53424 elementor-widget elementor-widget-text-editor\" data-id=\"db53424\" data-element_type=\"widget\" data-widget_type=\"text-editor.default\">\n\t\t\t\t<div class=\"elementor-widget-container\">\n\t\t\t\t\t\t\t<p>\u00ab&nbsp;Pose ton t\u00e9l\u00e9phone&nbsp;\u00bb.<br>La famille connect\u00e9e, au coeur d&rsquo;injonctions contradictoires.<\/p>\t\t\t\t\t\t<\/div>\n\t\t\t\t<\/div>\n\t\t\t\t\t<\/div>\n\t\t<\/div>\n\t\t\t\t\t<\/div>\n\t\t<\/section>\n\t\t\t\t<section class=\"elementor-section elementor-top-section elementor-element elementor-element-24a6daa elementor-section-boxed elementor-section-height-default elementor-section-height-default\" data-id=\"24a6daa\" data-element_type=\"section\">\n\t\t\t\t\t\t<div class=\"elementor-container elementor-column-gap-wider\">\n\t\t\t\t\t<div class=\"make-column-clickable-elementor elementor-column elementor-col-33 elementor-top-column elementor-element elementor-element-fbda389\" style=\"cursor: pointer;\" data-column-clickable=\"https:\/\/tedxfribourg.com\/speakers\/zita-felixe\/\" data-column-clickable-blank=\"_self\" data-id=\"fbda389\" data-element_type=\"column\">\n\t\t\t<div class=\"elementor-widget-wrap elementor-element-populated\">\n\t\t\t\t\t\t<div class=\"elementor-element elementor-element-e198067 elementor-widget elementor-widget-image\" data-id=\"e198067\" data-element_type=\"widget\" data-widget_type=\"image.default\">\n\t\t\t\t<div class=\"elementor-widget-container\">\n\t\t\t\t\t\t\t\t\t\t\t\t\t<img loading=\"lazy\" decoding=\"async\" width=\"800\" height=\"800\" src=\"https:\/\/tedxfribourg.com\/wp-content\/uploads\/2024\/02\/2024-02-12_TEDxFribourg-2024_Site_Speakers_Zita-Felixe_V1.png\" class=\"attachment-large size-large wp-image-964\" alt=\"\" srcset=\"https:\/\/tedxfribourg.com\/wp-content\/uploads\/2024\/02\/2024-02-12_TEDxFribourg-2024_Site_Speakers_Zita-Felixe_V1.png 1024w, https:\/\/tedxfribourg.com\/wp-content\/uploads\/2024\/02\/2024-02-12_TEDxFribourg-2024_Site_Speakers_Zita-Felixe_V1-300x300.png 300w, https:\/\/tedxfribourg.com\/wp-content\/uploads\/2024\/02\/2024-02-12_TEDxFribourg-2024_Site_Speakers_Zita-Felixe_V1-150x150.png 150w, https:\/\/tedxfribourg.com\/wp-content\/uploads\/2024\/02\/2024-02-12_TEDxFribourg-2024_Site_Speakers_Zita-Felixe_V1-768x768.png 768w, https:\/\/tedxfribourg.com\/wp-content\/uploads\/2024\/02\/2024-02-12_TEDxFribourg-2024_Site_Speakers_Zita-Felixe_V1-12x12.png 12w\" sizes=\"(max-width: 800px) 100vw, 800px\" \/>\t\t\t\t\t\t\t\t\t\t\t\t\t<\/div>\n\t\t\t\t<\/div>\n\t\t\t\t<div class=\"elementor-element elementor-element-89ddf92 elementor-widget elementor-widget-heading\" data-id=\"89ddf92\" data-element_type=\"widget\" data-widget_type=\"heading.default\">\n\t\t\t\t<div class=\"elementor-widget-container\">\n\t\t\t<h2 class=\"elementor-heading-title elementor-size-default\"><a href=\"https:\/\/tedxfribourg.com\/de\/speakers\/zita-felixe\/\">Zita<br\/> F\u00e9lixe<\/a><\/h2>\t\t<\/div>\n\t\t\t\t<\/div>\n\t\t\t\t<div class=\"elementor-element elementor-element-955be3f elementor-widget elementor-widget-text-editor\" data-id=\"955be3f\" data-element_type=\"widget\" data-widget_type=\"text-editor.default\">\n\t\t\t\t<div class=\"elementor-widget-container\">\n\t\t\t\t\t\t\t<p>Performance artistique.<\/p>\t\t\t\t\t\t<\/div>\n\t\t\t\t<\/div>\n\t\t\t\t\t<\/div>\n\t\t<\/div>\n\t\t\t\t<div class=\"elementor-column elementor-col-33 elementor-top-column elementor-element elementor-element-2bbe246\" data-id=\"2bbe246\" data-element_type=\"column\">\n\t\t\t<div class=\"elementor-widget-wrap\">\n\t\t\t\t\t\t\t<\/div>\n\t\t<\/div>\n\t\t\t\t<div class=\"make-column-clickable-elementor elementor-column elementor-col-33 elementor-top-column elementor-element elementor-element-d58bdfb\" style=\"cursor: pointer;\" data-column-clickable=\"https:\/\/tedxfribourg.com\/constanze-broelemann\/\" data-column-clickable-blank=\"_self\" data-id=\"d58bdfb\" data-element_type=\"column\">\n\t\t\t<div class=\"elementor-widget-wrap\">\n\t\t\t\t\t\t\t<\/div>\n\t\t<\/div>\n\t\t\t\t\t<\/div>\n\t\t<\/section>\n\t\t\t\t<section class=\"elementor-section elementor-top-section elementor-element elementor-element-320e622c elementor-section-boxed elementor-section-height-default elementor-section-height-default\" data-id=\"320e622c\" data-element_type=\"section\">\n\t\t\t\t\t\t<div class=\"elementor-container elementor-column-gap-default\">\n\t\t\t\t\t<div class=\"elementor-column elementor-col-100 elementor-top-column elementor-element elementor-element-4025153c\" data-id=\"4025153c\" data-element_type=\"column\" data-settings=\"{&quot;background_background&quot;:&quot;classic&quot;}\">\n\t\t\t<div class=\"elementor-widget-wrap elementor-element-populated\">\n\t\t\t\t\t\t<div class=\"elementor-element elementor-element-003927a elementor-cta--skin-classic elementor-animated-content elementor-bg-transform elementor-bg-transform-zoom-in elementor-widget elementor-widget-global elementor-global-1280 elementor-widget-call-to-action\" data-id=\"003927a\" data-element_type=\"widget\" data-widget_type=\"call-to-action.default\">\n\t\t\t\t<div class=\"elementor-widget-container\">\n\t\t\t<link rel=\"stylesheet\" href=\"https:\/\/tedxfribourg.com\/wp-content\/plugins\/elementor-pro\/assets\/css\/widget-call-to-action.min.css\">\t\t<div class=\"elementor-cta\">\n\t\t\t\t\t\t\t<div class=\"elementor-cta__content\">\n\t\t\t\t\n\t\t\t\t\t\t\t\t\t<h2 class=\"elementor-cta__title elementor-cta__content-item elementor-content-item\">\n\t\t\t\t\t\tMachen Sie mit bei 2024!\t\t\t\t\t<\/h2>\n\t\t\t\t\n\t\t\t\t\n\t\t\t\t\t\t\t\t\t<div class=\"elementor-cta__button-wrapper elementor-cta__content-item elementor-content-item\">\n\t\t\t\t\t<a class=\"elementor-cta__button elementor-button elementor-size-lg\" href=\"https:\/\/tedxfribourg.com\/de\/billetterie\/\">\n\t\t\t\t\t\tKaufen Sie Ihr Ticket\t\t\t\t\t<\/a>\n\t\t\t\t\t<\/div>\n\t\t\t\t\t\t\t<\/div>\n\t\t\t\t\t\t<\/div>\n\t\t\t\t<\/div>\n\t\t\t\t<\/div>\n\t\t\t\t\t<\/div>\n\t\t<\/div>\n\t\t\t\t\t<\/div>\n\t\t<\/section>\n\t\t\t\t<\/div>","protected":false},"excerpt":{"rendered":"<p>Speakers &#038; performers Les speakers sont pr\u00e9sent\u00e9s dans la langue de leur talk. Anja H. F\u00f6rster Kollateralschaden: Familie. Filipe Dos Santos Une affaire de famille et parfois bien plus. Caroline Caille G18P13 Annamaria Colombo \u00catre papa solo, c&rsquo;est extraordinaire, mais c&rsquo;est \u00ab\u00a0comme si c&rsquo;\u00e9tait pas la norme\u00a0\u00bb. Maria Augusta Balla \u00ab&nbsp;Entre le ciel et la [&hellip;]<\/p>","protected":false},"author":1,"featured_media":0,"parent":0,"menu_order":0,"comment_status":"closed","ping_status":"closed","template":"elementor_header_footer","meta":{"footnotes":""},"class_list":["post-17","page","type-page","status-publish","hentry"],"yoast_head":"<!-- This site is optimized with the Yoast SEO plugin v26.6 - https:\/\/yoast.com\/wordpress\/plugins\/seo\/ -->\n<title>Speakers &amp; performers - TEDxFribourg<\/title>\n<meta name=\"robots\" content=\"index, follow, max-snippet:-1, max-image-preview:large, max-video-preview:-1\" \/>\n<link rel=\"canonical\" href=\"https:\/\/tedxfribourg.com\/de\/speakers\/\" \/>\n<meta property=\"og:locale\" content=\"de_DE\" \/>\n<meta property=\"og:type\" content=\"article\" \/>\n<meta property=\"og:title\" content=\"Speakers &amp; performers - TEDxFribourg\" \/>\n<meta property=\"og:description\" content=\"Speakers &#038; performers Les speakers sont pr\u00e9sent\u00e9s dans la langue de leur talk. Anja H. F\u00f6rster Kollateralschaden: Familie. Filipe Dos Santos Une affaire de famille et parfois bien plus. Caroline Caille G18P13 Annamaria Colombo \u00catre papa solo, c&rsquo;est extraordinaire, mais c&rsquo;est \u00ab\u00a0comme si c&rsquo;\u00e9tait pas la norme\u00a0\u00bb. Maria Augusta Balla \u00ab&nbsp;Entre le ciel et la [&hellip;]\" \/>\n<meta property=\"og:url\" content=\"https:\/\/tedxfribourg.com\/de\/speakers\/\" \/>\n<meta property=\"og:site_name\" content=\"TEDxFribourg\" \/>\n<meta property=\"article:modified_time\" content=\"2024-03-11T08:05:16+00:00\" \/>\n<meta property=\"og:image\" content=\"https:\/\/tedxfribourg.com\/wp-content\/uploads\/2024\/02\/2024-02-12_TEDxFribourg-2024_Site_Speakers_Anja-Forster_V1.png\" \/>\n<meta name=\"twitter:card\" content=\"summary_large_image\" \/>\n<meta name=\"twitter:label1\" content=\"Gesch\u00e4tzte Lesezeit\" \/>\n\t<meta name=\"twitter:data1\" content=\"2\u00a0Minuten\" \/>\n<script type=\"application\/ld+json\" class=\"yoast-schema-graph\">{\"@context\":\"https:\/\/schema.org\",\"@graph\":[{\"@type\":\"WebPage\",\"@id\":\"https:\/\/tedxfribourg.com\/speakers\/\",\"url\":\"https:\/\/tedxfribourg.com\/speakers\/\",\"name\":\"Speakers &amp; performers - TEDxFribourg\",\"isPartOf\":{\"@id\":\"https:\/\/tedxfribourg.com\/#website\"},\"primaryImageOfPage\":{\"@id\":\"https:\/\/tedxfribourg.com\/speakers\/#primaryimage\"},\"image\":{\"@id\":\"https:\/\/tedxfribourg.com\/speakers\/#primaryimage\"},\"thumbnailUrl\":\"https:\/\/tedxfribourg.com\/wp-content\/uploads\/2024\/02\/2024-02-12_TEDxFribourg-2024_Site_Speakers_Anja-Forster_V1.png\",\"datePublished\":\"2023-02-02T09:47:56+00:00\",\"dateModified\":\"2024-03-11T08:05:16+00:00\",\"breadcrumb\":{\"@id\":\"https:\/\/tedxfribourg.com\/speakers\/#breadcrumb\"},\"inLanguage\":\"de\",\"potentialAction\":[{\"@type\":\"ReadAction\",\"target\":[\"https:\/\/tedxfribourg.com\/speakers\/\"]}]},{\"@type\":\"ImageObject\",\"inLanguage\":\"de\",\"@id\":\"https:\/\/tedxfribourg.com\/speakers\/#primaryimage\",\"url\":\"https:\/\/tedxfribourg.com\/wp-content\/uploads\/2024\/02\/2024-02-12_TEDxFribourg-2024_Site_Speakers_Anja-Forster_V1.png\",\"contentUrl\":\"https:\/\/tedxfribourg.com\/wp-content\/uploads\/2024\/02\/2024-02-12_TEDxFribourg-2024_Site_Speakers_Anja-Forster_V1.png\"},{\"@type\":\"BreadcrumbList\",\"@id\":\"https:\/\/tedxfribourg.com\/speakers\/#breadcrumb\",\"itemListElement\":[{\"@type\":\"ListItem\",\"position\":1,\"name\":\"Accueil\",\"item\":\"https:\/\/tedxfribourg.com\/\"},{\"@type\":\"ListItem\",\"position\":2,\"name\":\"Speakers &amp; performers\"}]},{\"@type\":\"WebSite\",\"@id\":\"https:\/\/tedxfribourg.com\/#website\",\"url\":\"https:\/\/tedxfribourg.com\/\",\"name\":\"TEDxFribourg\",\"description\":\"Ideas worth spreading\",\"publisher\":{\"@id\":\"https:\/\/tedxfribourg.com\/#organization\"},\"potentialAction\":[{\"@type\":\"SearchAction\",\"target\":{\"@type\":\"EntryPoint\",\"urlTemplate\":\"https:\/\/tedxfribourg.com\/?s={search_term_string}\"},\"query-input\":{\"@type\":\"PropertyValueSpecification\",\"valueRequired\":true,\"valueName\":\"search_term_string\"}}],\"inLanguage\":\"de\"},{\"@type\":\"Organization\",\"@id\":\"https:\/\/tedxfribourg.com\/#organization\",\"name\":\"TEDxFribourg\",\"url\":\"https:\/\/tedxfribourg.com\/\",\"logo\":{\"@type\":\"ImageObject\",\"inLanguage\":\"de\",\"@id\":\"https:\/\/tedxfribourg.com\/#\/schema\/logo\/image\/\",\"url\":\"https:\/\/tedxfribourg.com\/wp-content\/uploads\/2023\/02\/cropped-cropped-logo_tedxFR.png\",\"contentUrl\":\"https:\/\/tedxfribourg.com\/wp-content\/uploads\/2023\/02\/cropped-cropped-logo_tedxFR.png\",\"width\":1000,\"height\":189,\"caption\":\"TEDxFribourg\"},\"image\":{\"@id\":\"https:\/\/tedxfribourg.com\/#\/schema\/logo\/image\/\"}}]}<\/script>\n<!-- \/ Yoast SEO plugin. -->","yoast_head_json":{"title":"Speakers &amp; performers - TEDxFribourg","robots":{"index":"index","follow":"follow","max-snippet":"max-snippet:-1","max-image-preview":"max-image-preview:large","max-video-preview":"max-video-preview:-1"},"canonical":"https:\/\/tedxfribourg.com\/de\/speakers\/","og_locale":"de_DE","og_type":"article","og_title":"Speakers &amp; performers - TEDxFribourg","og_description":"Speakers &#038; performers Les speakers sont pr\u00e9sent\u00e9s dans la langue de leur talk. Anja H. F\u00f6rster Kollateralschaden: Familie. Filipe Dos Santos Une affaire de famille et parfois bien plus. Caroline Caille G18P13 Annamaria Colombo \u00catre papa solo, c&rsquo;est extraordinaire, mais c&rsquo;est \u00ab\u00a0comme si c&rsquo;\u00e9tait pas la norme\u00a0\u00bb. Maria Augusta Balla \u00ab&nbsp;Entre le ciel et la [&hellip;]","og_url":"https:\/\/tedxfribourg.com\/de\/speakers\/","og_site_name":"TEDxFribourg","article_modified_time":"2024-03-11T08:05:16+00:00","og_image":[{"url":"https:\/\/tedxfribourg.com\/wp-content\/uploads\/2024\/02\/2024-02-12_TEDxFribourg-2024_Site_Speakers_Anja-Forster_V1.png","type":"","width":"","height":""}],"twitter_card":"summary_large_image","twitter_misc":{"Gesch\u00e4tzte Lesezeit":"2\u00a0Minuten"},"schema":{"@context":"https:\/\/schema.org","@graph":[{"@type":"WebPage","@id":"https:\/\/tedxfribourg.com\/speakers\/","url":"https:\/\/tedxfribourg.com\/speakers\/","name":"Speakers &amp; performers - TEDxFribourg","isPartOf":{"@id":"https:\/\/tedxfribourg.com\/#website"},"primaryImageOfPage":{"@id":"https:\/\/tedxfribourg.com\/speakers\/#primaryimage"},"image":{"@id":"https:\/\/tedxfribourg.com\/speakers\/#primaryimage"},"thumbnailUrl":"https:\/\/tedxfribourg.com\/wp-content\/uploads\/2024\/02\/2024-02-12_TEDxFribourg-2024_Site_Speakers_Anja-Forster_V1.png","datePublished":"2023-02-02T09:47:56+00:00","dateModified":"2024-03-11T08:05:16+00:00","breadcrumb":{"@id":"https:\/\/tedxfribourg.com\/speakers\/#breadcrumb"},"inLanguage":"de","potentialAction":[{"@type":"ReadAction","target":["https:\/\/tedxfribourg.com\/speakers\/"]}]},{"@type":"ImageObject","inLanguage":"de","@id":"https:\/\/tedxfribourg.com\/speakers\/#primaryimage","url":"https:\/\/tedxfribourg.com\/wp-content\/uploads\/2024\/02\/2024-02-12_TEDxFribourg-2024_Site_Speakers_Anja-Forster_V1.png","contentUrl":"https:\/\/tedxfribourg.com\/wp-content\/uploads\/2024\/02\/2024-02-12_TEDxFribourg-2024_Site_Speakers_Anja-Forster_V1.png"},{"@type":"BreadcrumbList","@id":"https:\/\/tedxfribourg.com\/speakers\/#breadcrumb","itemListElement":[{"@type":"ListItem","position":1,"name":"Accueil","item":"https:\/\/tedxfribourg.com\/"},{"@type":"ListItem","position":2,"name":"Speakers &amp; performers"}]},{"@type":"WebSite","@id":"https:\/\/tedxfribourg.com\/#website","url":"https:\/\/tedxfribourg.com\/","name":"TEDxFribourg","description":"Ideas worth spreading","publisher":{"@id":"https:\/\/tedxfribourg.com\/#organization"},"potentialAction":[{"@type":"SearchAction","target":{"@type":"EntryPoint","urlTemplate":"https:\/\/tedxfribourg.com\/?s={search_term_string}"},"query-input":{"@type":"PropertyValueSpecification","valueRequired":true,"valueName":"search_term_string"}}],"inLanguage":"de"},{"@type":"Organization","@id":"https:\/\/tedxfribourg.com\/#organization","name":"TEDxFribourg","url":"https:\/\/tedxfribourg.com\/","logo":{"@type":"ImageObject","inLanguage":"de","@id":"https:\/\/tedxfribourg.com\/#\/schema\/logo\/image\/","url":"https:\/\/tedxfribourg.com\/wp-content\/uploads\/2023\/02\/cropped-cropped-logo_tedxFR.png","contentUrl":"https:\/\/tedxfribourg.com\/wp-content\/uploads\/2023\/02\/cropped-cropped-logo_tedxFR.png","width":1000,"height":189,"caption":"TEDxFribourg"},"image":{"@id":"https:\/\/tedxfribourg.com\/#\/schema\/logo\/image\/"}}]}},"_links":{"self":[{"href":"https:\/\/tedxfribourg.com\/de\/wp-json\/wp\/v2\/pages\/17","targetHints":{"allow":["GET"]}}],"collection":[{"href":"https:\/\/tedxfribourg.com\/de\/wp-json\/wp\/v2\/pages"}],"about":[{"href":"https:\/\/tedxfribourg.com\/de\/wp-json\/wp\/v2\/types\/page"}],"author":[{"embeddable":true,"href":"https:\/\/tedxfribourg.com\/de\/wp-json\/wp\/v2\/users\/1"}],"replies":[{"embeddable":true,"href":"https:\/\/tedxfribourg.com\/de\/wp-json\/wp\/v2\/comments?post=17"}],"version-history":[{"count":151,"href":"https:\/\/tedxfribourg.com\/de\/wp-json\/wp\/v2\/pages\/17\/revisions"}],"predecessor-version":[{"id":1336,"href":"https:\/\/tedxfribourg.com\/de\/wp-json\/wp\/v2\/pages\/17\/revisions\/1336"}],"wp:attachment":[{"href":"https:\/\/tedxfribourg.com\/de\/wp-json\/wp\/v2\/media?parent=17"}],"curies":[{"name":"wp","href":"https:\/\/api.w.org\/{rel}","templated":true}]}}